{"id":370483,"date":"2023-03-10T15:36:00","date_gmt":"2023-03-10T14:36:00","guid":{"rendered":"http:\/\/development.oekologisches-kinderhaus.de\/?page_id=370483"},"modified":"2025-01-13T14:44:08","modified_gmt":"2025-01-13T13:44:08","slug":"wie-wir-arbeiten","status":"publish","type":"page","link":"https:\/\/development.oekologisches-kinderhaus.de\/?page_id=370483","title":{"rendered":"Wie wir arbeiten"},"content":{"rendered":"<p>[et_pb_section fb_built=&#8220;1&#8243; _builder_version=&#8220;4.22.2&#8243; _module_preset=&#8220;default&#8220; background_image=&#8220;http:\/\/development.oekologisches-kinderhaus.de\/wp-content\/uploads\/2023\/10\/111A2690-e1697190714702.jpg&#8220; hover_enabled=&#8220;0&#8243; global_colors_info=&#8220;{}&#8220; title_text=&#8220;111A2690&#8243; background_enable_color=&#8220;off&#8220; sticky_enabled=&#8220;0&#8243; custom_padding=&#8220;50px||||false|false&#8220; custom_margin=&#8220;70px||0px||false|false&#8220;][et_pb_row _builder_version=&#8220;4.19.5&#8243; _module_preset=&#8220;default&#8220; global_colors_info=&#8220;{}&#8220;][et_pb_column type=&#8220;4_4&#8243; _builder_version=&#8220;4.19.5&#8243; _module_preset=&#8220;default&#8220; global_colors_info=&#8220;{}&#8220;][et_pb_text _builder_version=&#8220;4.22.2&#8243; _module_preset=&#8220;default&#8220; background_color=&#8220;#BFE349&#8243; custom_margin=&#8220;105px||||false|false&#8220; custom_padding=&#8220;20px|20px|20px|20px|true|true&#8220; hover_enabled=&#8220;0&#8243; global_colors_info=&#8220;{}&#8220; sticky_enabled=&#8220;0&#8243; transform_translate_linked=&#8220;off&#8220; transform_translate=&#8220;0px|139px&#8220;]<\/p>\n<h2>Unser Konzept<\/h2>\n<p>In unserem offenen Kinderhaus orientieren wir uns an der P\u00e4dagogik von C\u00e9listin Freinet.<\/p>\n<p>Den Kindern das Wort und die Freiheit in der Wahl ihrer T\u00e4tigkeiten geben, Verantwortung \u00fcbertragen, im Handeln einen Sinn erkennen, in T\u00e4tigkeiten den Bezug zum Leben herstellen \u2013 das sind Begriffe der kindzentrierten p\u00e4dagogischen Arbeit in unserer Einrichtung.<\/p>\n<p>[\/et_pb_text][\/et_pb_column][\/et_pb_row][\/et_pb_section][et_pb_section fb_built=&#8220;1&#8243; theme_builder_area=&#8220;post_content&#8220; specialty=&#8220;on&#8220; _builder_version=&#8220;4.22.2&#8243; _module_preset=&#8220;default&#8220;][et_pb_column type=&#8220;1_2&#8243; theme_builder_area=&#8220;post_content&#8220;][et_pb_image src=&#8220;http:\/\/development.oekologisches-kinderhaus.de\/wp-content\/uploads\/2023\/10\/DSCF0389.jpg&#8220; _builder_version=&#8220;4.22.2&#8243; _module_preset=&#8220;default&#8220; theme_builder_area=&#8220;post_content&#8220; title_text=&#8220;DSCF0389&#8243; hover_enabled=&#8220;0&#8243; sticky_enabled=&#8220;0&#8243;][\/et_pb_image][\/et_pb_column][et_pb_column type=&#8220;1_2&#8243; specialty_columns=&#8220;2&#8243; theme_builder_area=&#8220;post_content&#8220;][et_pb_row_inner _builder_version=&#8220;4.22.2&#8243; _module_preset=&#8220;default&#8220; theme_builder_area=&#8220;post_content&#8220;][et_pb_column_inner saved_specialty_column_type=&#8220;1_2&#8243; _builder_version=&#8220;4.22.2&#8243; _module_preset=&#8220;default&#8220; theme_builder_area=&#8220;post_content&#8220;][et_pb_text _builder_version=&#8220;4.19.5&#8243; _module_preset=&#8220;79be95bd-3dc6-4796-94d3-9c20e9fce559&#8243; global_colors_info=&#8220;{}&#8220; theme_builder_area=&#8220;post_content&#8220;]<\/p>\n<h2>Unser Leitbild<\/h2>\n<p class=\"body\"><span class=\"sletter\">W<\/span>ir sch\u00e4tzen das Kind in seinen Eigenheiten und Besonderheiten. Wir gestalten und steuern den p\u00e4dagogischen Kontext so, dass die selbstt\u00e4tigen Lern- und Bildungsprozesse der Kinder herausgefordert, begleitet und unterst\u00fctzt werden. Dabei ist es uns besonders wichtig, diese Prozesse unter den \u00f6kologischen Gesichtspunkten Nachhaltigkeit und Verantwortlichkeit zu f\u00f6rdern.<\/p>\n<p><span class=\"sletter\">Z<\/span>ur Verwirklichung unseres Leitbildes pr\u00fcfen wir regelm\u00e4\u00dfig unsere p\u00e4dagogische Arbeit, um f\u00fcr jedes Kind optimale Lernbedingungen zu schaffen.<\/p>\n<p>[\/et_pb_text][et_pb_toggle title=&#8220;P\u00e4dagogische Schwerpunkte&#8220; open_toggle_text_color=&#8220;#FFFFFF&#8220; open_toggle_background_color=&#8220;#7B96AB&#8220; closed_toggle_text_color=&#8220;#FFFFFF&#8220; closed_toggle_background_color=&#8220;#7B96AB&#8220; _builder_version=&#8220;4.19.5&#8243; _module_preset=&#8220;default&#8220; title_text_color=&#8220;#FFFFFF&#8220; title_font=&#8220;|700|||||||&#8220; body_text_color=&#8220;#FFFFFF&#8220; background_enable_color=&#8220;off&#8220; global_colors_info=&#8220;{}&#8220; theme_builder_area=&#8220;post_content&#8220;]<\/p>\n<ul>\n<li class=\"body\">Bildungsbereiche des S\u00e4chsischen Bildungsplanes<\/li>\n<li class=\"body\">Natur mit allen Sinnen erleben<\/li>\n<li class=\"body\">Pflege unserer Haustiere<\/li>\n<li class=\"body\">Offene Arbeit in altersgemischten Gruppen<\/li>\n<li class=\"body\">Altersspezifische Angebote<\/li>\n<li class=\"body\">Projektarbeit<\/li>\n<li class=\"body\">Materialien zur Kreativit\u00e4tsf\u00f6rderung<\/li>\n<li class=\"body\">Raumgestaltung nach den Bed\u00fcrfnissen der Kinder<\/li>\n<li class=\"body\">Kooperation mit der 91. Grundschule \u201eAm Sand\u201c<\/li>\n<\/ul>\n<p>[\/et_pb_toggle][\/et_pb_column_inner][\/et_pb_row_inner][\/et_pb_column][\/et_pb_section][et_pb_section fb_built=&#8220;1&#8243; _builder_version=&#8220;4.19.5&#8243; _module_preset=&#8220;default&#8220; background_color=&#8220;#BFE349&#8243; background_enable_image=&#8220;off&#8220; parallax=&#8220;on&#8220; global_colors_info=&#8220;{}&#8220;][et_pb_row _builder_version=&#8220;4.19.5&#8243; _module_preset=&#8220;default&#8220; global_colors_info=&#8220;{}&#8220;][et_pb_column type=&#8220;4_4&#8243; _builder_version=&#8220;4.19.5&#8243; _module_preset=&#8220;default&#8220; global_colors_info=&#8220;{}&#8220;][et_pb_text _builder_version=&#8220;4.19.5&#8243; _module_preset=&#8220;79be95bd-3dc6-4796-94d3-9c20e9fce559&#8243; header_2_font=&#8220;|700|||||||&#8220; header_2_text_color=&#8220;#FFFFFF&#8220; background_enable_color=&#8220;off&#8220; custom_padding=&#8220;20px|20px|15px|20px|false|true&#8220; border_radii=&#8220;on|NaNpx|NaNpx|NaNpx|NaNpx&#8220; global_colors_info=&#8220;{}&#8220;]<\/p>\n<h2>Unser Team<\/h2>\n<p>[\/et_pb_text][dipl_team_grid posts_number=&#8220;20&#8243; post_order_by=&#8220;none&#8220; include_categories=&#8220;17&#8243; show_designation=&#8220;off&#8220; show_social_icon=&#8220;off&#8220; image_size=&#8220;large&#8220; _builder_version=&#8220;4.19.5&#8243; _module_preset=&#8220;default&#8220; name_font_tablet=&#8220;&#8220; name_font_phone=&#8220;&#8220; name_font_last_edited=&#8220;on|tablet&#8220; global_colors_info=&#8220;{}&#8220;][\/dipl_team_grid][\/et_pb_column][\/et_pb_row][\/et_pb_section]<\/p>\n","protected":false},"excerpt":{"rendered":"<p>Unser Konzept In unserem offenen Kinderhaus orientieren wir uns an der P\u00e4dagogik von C\u00e9listin Freinet. Den Kindern das Wort und die Freiheit in der Wahl ihrer T\u00e4tigkeiten geben, Verantwortung \u00fcbertragen, im Handeln einen Sinn erkennen, in T\u00e4tigkeiten den Bezug zum Leben herstellen \u2013 das sind Begriffe der kindzentrierten p\u00e4dagogischen Arbeit in unserer Einrichtung.Unser Leitbild Wir [&hellip;]<\/p>\n","protected":false},"author":1,"featured_media":0,"parent":0,"menu_order":0,"comment_status":"closed","ping_status":"closed","template":"","meta":{"_et_pb_use_builder":"on","_et_pb_old_content":"","_et_gb_content_width":"","footnotes":""},"dipi_cpt_category":[],"class_list":["post-370483","page","type-page","status-publish","hentry"],"_links":{"self":[{"href":"https:\/\/development.oekologisches-kinderhaus.de\/index.php?rest_route=\/wp\/v2\/pages\/370483","targetHints":{"allow":["GET"]}}],"collection":[{"href":"https:\/\/development.oekologisches-kinderhaus.de\/index.php?rest_route=\/wp\/v2\/pages"}],"about":[{"href":"https:\/\/development.oekologisches-kinderhaus.de\/index.php?rest_route=\/wp\/v2\/types\/page"}],"author":[{"embeddable":true,"href":"https:\/\/development.oekologisches-kinderhaus.de\/index.php?rest_route=\/wp\/v2\/users\/1"}],"replies":[{"embeddable":true,"href":"https:\/\/development.oekologisches-kinderhaus.de\/index.php?rest_route=%2Fwp%2Fv2%2Fcomments&post=370483"}],"version-history":[{"count":8,"href":"https:\/\/development.oekologisches-kinderhaus.de\/index.php?rest_route=\/wp\/v2\/pages\/370483\/revisions"}],"predecessor-version":[{"id":370596,"href":"https:\/\/development.oekologisches-kinderhaus.de\/index.php?rest_route=\/wp\/v2\/pages\/370483\/revisions\/370596"}],"wp:attachment":[{"href":"https:\/\/development.oekologisches-kinderhaus.de\/index.php?rest_route=%2Fwp%2Fv2%2Fmedia&parent=370483"}],"wp:term":[{"taxonomy":"dipi_cpt_category","embeddable":true,"href":"https:\/\/development.oekologisches-kinderhaus.de\/index.php?rest_route=%2Fwp%2Fv2%2Fdipi_cpt_category&post=370483"}],"curies":[{"name":"wp","href":"https:\/\/api.w.org\/{rel}","templated":true}]}}